{"id":25,"date":"2024-03-11T06:50:59","date_gmt":"2024-03-11T06:50:59","guid":{"rendered":"http:\/\/localhost\/scholary\/?page_id=25"},"modified":"2025-11-13T20:38:07","modified_gmt":"2025-11-13T19:38:07","slug":"faq","status":"publish","type":"page","link":"https:\/\/itcaraibe.org\/en\/faq\/","title":{"rendered":"FAQ"},"content":{"rendered":"\t\t<div data-elementor-type=\"wp-page\" data-elementor-id=\"25\" class=\"elementor elementor-25\">\n\t\t\t\t<div class=\"elementor-element elementor-element-7bf922c e-flex e-con-boxed e-con e-parent\" data-id=\"7bf922c\" data-element_type=\"container\" data-e-type=\"container\">\n\t\t\t\t\t<div class=\"e-con-inner\">\n\t\t\t\t<div class=\"elementor-element elementor-element-b928606 elementor-widget elementor-widget-spacer\" data-id=\"b928606\" data-element_type=\"widget\" data-e-type=\"widget\" data-widget_type=\"spacer.default\">\n\t\t\t\t<div class=\"elementor-widget-container\">\n\t\t\t\t\t\t\t<div class=\"elementor-spacer\">\n\t\t\t<div class=\"elementor-spacer-inner\"><\/div>\n\t\t<\/div>\n\t\t\t\t\t\t<\/div>\n\t\t\t\t<\/div>\n\t\t\t\t<div class=\"elementor-element elementor-element-9655bf5 elementor-widget elementor-widget-heading\" data-id=\"9655bf5\" data-element_type=\"widget\" data-e-type=\"widget\" data-widget_type=\"heading.default\">\n\t\t\t\t<div class=\"elementor-widget-container\">\n\t\t\t\t\t<h2 class=\"elementor-heading-title elementor-size-default\">Quel est le but de l'Institut Th\u00e9ologique de la Cara\u00efbe ?<\/h2>\t\t\t\t<\/div>\n\t\t\t\t<\/div>\n\t\t\t\t<div class=\"elementor-element elementor-element-2cb0be1 elementor-widget elementor-widget-html\" data-id=\"2cb0be1\" data-element_type=\"widget\" data-e-type=\"widget\" data-widget_type=\"html.default\">\n\t\t\t\t<div class=\"elementor-widget-container\">\n\t\t\t\t\t<p style=\"text-align: justify;\">\n    Le but de l'Institut Th\u00e9ologique de la Cara\u00efbe est de donner une solide formation en Bible et th\u00e9ologie \u00e0 des hommes et des femmes de Dieu qui feront la diff\u00e9rence avec un impact positif dans la Cara\u00efbe et au-del\u00e0. <i>[2 Timoth\u00e9e 2:1-2 (LSG) : \" <sup>1<\/sup> Toi donc, mon enfant, fortifie-toi dans la gr\u00e2ce qui est en J\u00e9sus-Christ. <sup>2<\/sup> Et ce que tu as entendu de moi en pr\u00e9sence de beaucoup de t\u00e9moins, confie-le \u00e0 des hommes fid\u00e8les, qui soient capables de l'enseigner aussi \u00e0 d'autres.\"]<\/i>\n<\/p>\t\t\t\t<\/div>\n\t\t\t\t<\/div>\n\t\t\t\t<div class=\"elementor-element elementor-element-96f01a5 elementor-widget elementor-widget-heading\" data-id=\"96f01a5\" data-element_type=\"widget\" data-e-type=\"widget\" data-widget_type=\"heading.default\">\n\t\t\t\t<div class=\"elementor-widget-container\">\n\t\t\t\t\t<h2 class=\"elementor-heading-title elementor-size-default\">Les dipl\u00f4mes de l'Institut Th\u00e9ologique de la Cara\u00efbe sont-ils reconnus ?<\/h2>\t\t\t\t<\/div>\n\t\t\t\t<\/div>\n\t\t\t\t<div class=\"elementor-element elementor-element-3bb5580 elementor-widget elementor-widget-html\" data-id=\"3bb5580\" data-element_type=\"widget\" data-e-type=\"widget\" data-widget_type=\"html.default\">\n\t\t\t\t<div class=\"elementor-widget-container\">\n\t\t\t\t\t<p style=\"text-align: justify;\">\n    Nos dipl\u00f4mes sont reconnus dans la communaut\u00e9 chr\u00e9tienne francophone et internationale. La valeur de nos dipl\u00f4mes tient premi\u00e8rement de l\u2019excellence de la qualit\u00e9 de nos professeurs et du contenu de leurs cours, ainsi que de la qualit\u00e9 de nos partenaires, solidement reconnus dans le milieu eccl\u00e9sial \u00e9vang\u00e9lique. \nDeuxi\u00e8mement nous respectons le principe \u00e9tabli des <a style=\"text-decoration: underline\" href=\"https:\/\/itcaraibe.org\/frais-des-etudes\/\" target=\"_self\">ECTS<\/a> pour que les cr\u00e9dits que nous d\u00e9livrons pour les cours suivis soient reconnus par les autres instituts de formation d\u2019enseignement th\u00e9ologique. Par ailleurs, respectant les crit\u00e8res en vigueur, nous entreprenons les d\u00e9marches pour une reconnaissance officielle de notre institut comme centre de formation d\u2019enseignement sup\u00e9rieur priv\u00e9 par le rectorat de Martinique.\n\n<\/p>\t\t\t\t<\/div>\n\t\t\t\t<\/div>\n\t\t\t\t<div class=\"elementor-element elementor-element-f23ce38 elementor-widget elementor-widget-heading\" data-id=\"f23ce38\" data-element_type=\"widget\" data-e-type=\"widget\" data-widget_type=\"heading.default\">\n\t\t\t\t<div class=\"elementor-widget-container\">\n\t\t\t\t\t<h2 class=\"elementor-heading-title elementor-size-default\">D'o\u00f9 viennent les professeurs de l'Institut Th\u00e9ologique de la Cara\u00efbe et quelles sont leurs qualifications ?<\/h2>\t\t\t\t<\/div>\n\t\t\t\t<\/div>\n\t\t\t\t<div class=\"elementor-element elementor-element-5eb57f4 elementor-widget elementor-widget-html\" data-id=\"5eb57f4\" data-element_type=\"widget\" data-e-type=\"widget\" data-widget_type=\"html.default\">\n\t\t\t\t<div class=\"elementor-widget-container\">\n\t\t\t\t\t<p style=\"text-align: justify;\">\n    Nos professeurs proviennent de trois continents diff\u00e9rents : Afrique, Am\u00e9rique et Europe. Ils ont tous de longues ann\u00e9es d'exp\u00e9rience dans le minist\u00e8re et sont pour la plupart d\u00e9tenteurs d'un Doctorat ou d'un Master, ayant d\u00e9j\u00e0 enseign\u00e9 ou enseignant encore dans d'autres instituts th\u00e9ologiques.\n<\/p>\t\t\t\t<\/div>\n\t\t\t\t<\/div>\n\t\t\t\t<div class=\"elementor-element elementor-element-9bef510 elementor-widget elementor-widget-heading\" data-id=\"9bef510\" data-element_type=\"widget\" data-e-type=\"widget\" data-widget_type=\"heading.default\">\n\t\t\t\t<div class=\"elementor-widget-container\">\n\t\t\t\t\t<h2 class=\"elementor-heading-title elementor-size-default\">Quels sont les grades conf\u00e9r\u00e9s par l'Institut Th\u00e9ologique de la Cara\u00efbe ?<\/h2>\t\t\t\t<\/div>\n\t\t\t\t<\/div>\n\t\t\t\t<div class=\"elementor-element elementor-element-d54dc9b elementor-widget elementor-widget-html\" data-id=\"d54dc9b\" data-element_type=\"widget\" data-e-type=\"widget\" data-widget_type=\"html.default\">\n\t\t\t\t<div class=\"elementor-widget-container\">\n\t\t\t\t\t<p style=\"text-align: justify;\">\n    Pour le moment, l'Institut Th\u00e9ologique de la Cara\u00efbe offre \u00e0 chacun(e) l\u2019opportunit\u00e9 d\u2019obtenir un certificat en th\u00e9ologie, une licence (bachelor) ou un master en Bible et th\u00e9ologie. Par la suite, nous esp\u00e9rons offrir \u00e9galement l\u2019occasion d\u2019obtenir un doctorat.\n<\/p>\t\t\t\t<\/div>\n\t\t\t\t<\/div>\n\t\t\t\t<div class=\"elementor-element elementor-element-302249e elementor-widget elementor-widget-heading\" data-id=\"302249e\" data-element_type=\"widget\" data-e-type=\"widget\" data-widget_type=\"heading.default\">\n\t\t\t\t<div class=\"elementor-widget-container\">\n\t\t\t\t\t<h2 class=\"elementor-heading-title elementor-size-default\">Combien cela co\u00fbte-t-il de suivre les cours \u00e0 l'Institut Th\u00e9ologique de la Cara\u00efbe ?<\/h2>\t\t\t\t<\/div>\n\t\t\t\t<\/div>\n\t\t\t\t<div class=\"elementor-element elementor-element-edc5560 elementor-widget elementor-widget-html\" data-id=\"edc5560\" data-element_type=\"widget\" data-e-type=\"widget\" data-widget_type=\"html.default\">\n\t\t\t\t<div class=\"elementor-widget-container\">\n\t\t\t\t\t<p>\n    Pour les d\u00e9tails et explications, voir notre page <a href=\"https:\/\/itcaraibe.org\/frais-des-etudes\/\" target=\"_self\"><u>Frais des \u00e9tudes<\/u><\/a>.\n<\/p>\t\t\t\t<\/div>\n\t\t\t\t<\/div>\n\t\t\t\t<div class=\"elementor-element elementor-element-fe6eb2e elementor-widget elementor-widget-heading\" data-id=\"fe6eb2e\" data-element_type=\"widget\" data-e-type=\"widget\" data-widget_type=\"heading.default\">\n\t\t\t\t<div class=\"elementor-widget-container\">\n\t\t\t\t\t<h2 class=\"elementor-heading-title elementor-size-default\">Peut-on suivre les cours en pr\u00e9sentiel ou en distanciel ?<\/h2>\t\t\t\t<\/div>\n\t\t\t\t<\/div>\n\t\t\t\t<div class=\"elementor-element elementor-element-b2c7e90 elementor-widget elementor-widget-html\" data-id=\"b2c7e90\" data-element_type=\"widget\" data-e-type=\"widget\" data-widget_type=\"html.default\">\n\t\t\t\t<div class=\"elementor-widget-container\">\n\t\t\t\t\t<p style=\"text-align: justify;\">\n    Pour un meilleur apprentissage et une plus riche exp\u00e9rience, nous privil\u00e9gions et encourageons de suivre les cours en pr\u00e9sentiel. Cependant, nous offrons aussi la possibilit\u00e9 de suivre les cours en distanciel pour ceux qui, pour une raison ou une autre, ne peuvent pas voyager.\n<\/p>\t\t\t\t<\/div>\n\t\t\t\t<\/div>\n\t\t\t\t<div class=\"elementor-element elementor-element-7ebed7f elementor-widget elementor-widget-heading\" data-id=\"7ebed7f\" data-element_type=\"widget\" data-e-type=\"widget\" data-widget_type=\"heading.default\">\n\t\t\t\t<div class=\"elementor-widget-container\">\n\t\t\t\t\t<h2 class=\"elementor-heading-title elementor-size-default\">La formation \u00e0 l'Institut Th\u00e9ologique de la Cara\u00efbe n'est-elle r\u00e9serv\u00e9e qu'aux pasteurs ou aspirants pasteurs ?<\/h2>\t\t\t\t<\/div>\n\t\t\t\t<\/div>\n\t\t\t\t<div class=\"elementor-element elementor-element-4e5071b elementor-widget elementor-widget-html\" data-id=\"4e5071b\" data-element_type=\"widget\" data-e-type=\"widget\" data-widget_type=\"html.default\">\n\t\t\t\t<div class=\"elementor-widget-container\">\n\t\t\t\t\t<p style=\"text-align: justify;\">\n    Notre formation est utile \u00e0 tous ceux et \u00e0 toutes celles qui veulent servir le Seigneur dans quel que minist\u00e8re que ce soit. Quiconque aime le Seigneur et d\u00e9sire conna\u00eetre davantage Sa Parole afin de mieux Le servir profitera de cette formation.\n<\/p>\t\t\t\t<\/div>\n\t\t\t\t<\/div>\n\t\t\t\t<div class=\"elementor-element elementor-element-9525120 elementor-widget elementor-widget-heading\" data-id=\"9525120\" data-element_type=\"widget\" data-e-type=\"widget\" data-widget_type=\"heading.default\">\n\t\t\t\t<div class=\"elementor-widget-container\">\n\t\t\t\t\t<h2 class=\"elementor-heading-title elementor-size-default\">Peut-on suivre les cours en auditeur libre ?<\/h2>\t\t\t\t<\/div>\n\t\t\t\t<\/div>\n\t\t\t\t<div class=\"elementor-element elementor-element-9d6c1b4 elementor-widget elementor-widget-html\" data-id=\"9d6c1b4\" data-element_type=\"widget\" data-e-type=\"widget\" data-widget_type=\"html.default\">\n\t\t\t\t<div class=\"elementor-widget-container\">\n\t\t\t\t\t<p style=\"text-align: justify;\">\n    Les cours sont destin\u00e9s non seulement \u00e0 ceux et celles qui veulent obtenir un dipl\u00f4me mais aussi \u00e0 ceux et celles qui veulent grandir et fortifier leur foi en la Parole de Dieu.\n<\/p>\t\t\t\t<\/div>\n\t\t\t\t<\/div>\n\t\t\t\t<div class=\"elementor-element elementor-element-6c50bd5 elementor-widget elementor-widget-heading\" data-id=\"6c50bd5\" data-element_type=\"widget\" data-e-type=\"widget\" data-widget_type=\"heading.default\">\n\t\t\t\t<div class=\"elementor-widget-container\">\n\t\t\t\t\t<h2 class=\"elementor-heading-title elementor-size-default\">N'\u00e9tant pas libre en semaine, puis-je suivre les cours \u00e0 un autre moment ?<\/h2>\t\t\t\t<\/div>\n\t\t\t\t<\/div>\n\t\t\t\t<div class=\"elementor-element elementor-element-71936c7 elementor-widget elementor-widget-html\" data-id=\"71936c7\" data-element_type=\"widget\" data-e-type=\"widget\" data-widget_type=\"html.default\">\n\t\t\t\t<div class=\"elementor-widget-container\">\n\t\t\t\t\t<p style=\"text-align: justify;\">\n    Pour ceux qui travaillent ou exercent un minist\u00e8re en semaine, il y a la possibilit\u00e9 de suivre les cours du samedi. Le parcours de formation, dans ce cas, sera bien entendu beaucoup plus long, si l\u2019on veut obtenir un certificat ou un dipl\u00f4me.\n<\/p>\t\t\t\t<\/div>\n\t\t\t\t<\/div>\n\t\t\t\t<div class=\"elementor-element elementor-element-c3f8fe8 elementor-widget elementor-widget-heading\" data-id=\"c3f8fe8\" data-element_type=\"widget\" data-e-type=\"widget\" data-widget_type=\"heading.default\">\n\t\t\t\t<div class=\"elementor-widget-container\">\n\t\t\t\t\t<h2 class=\"elementor-heading-title elementor-size-default\">Ayant d\u00e9j\u00e0 pris quelques cours de Bible et th\u00e9ologie via une autre institution de formation, ces cours peuvent-ils \u00eatre pris en compte pour mon cursus \u00e0 l'ITC ?<\/h2>\t\t\t\t<\/div>\n\t\t\t\t<\/div>\n\t\t\t\t<div class=\"elementor-element elementor-element-00d94e8 elementor-widget elementor-widget-html\" data-id=\"00d94e8\" data-element_type=\"widget\" data-e-type=\"widget\" data-widget_type=\"html.default\">\n\t\t\t\t<div class=\"elementor-widget-container\">\n\t\t\t\t\t<p style=\"text-align: justify;\">\n    Certains cr\u00e9dits de cours sont transf\u00e9rables apr\u00e8s examen et sur approbation du Conseil de la Facult\u00e9.\n<\/p>\t\t\t\t<\/div>\n\t\t\t\t<\/div>\n\t\t\t\t<div class=\"elementor-element elementor-element-f73a7ba elementor-widget elementor-widget-heading\" data-id=\"f73a7ba\" data-element_type=\"widget\" data-e-type=\"widget\" data-widget_type=\"heading.default\">\n\t\t\t\t<div class=\"elementor-widget-container\">\n\t\t\t\t\t<h2 class=\"elementor-heading-title elementor-size-default\">Quelles sont les exigences pour suivre les cours ?<\/h2>\t\t\t\t<\/div>\n\t\t\t\t<\/div>\n\t\t\t\t<div class=\"elementor-element elementor-element-3e8d5ea elementor-widget elementor-widget-html\" data-id=\"3e8d5ea\" data-element_type=\"widget\" data-e-type=\"widget\" data-widget_type=\"html.default\">\n\t\t\t\t<div class=\"elementor-widget-container\">\n\t\t\t\t\t<p style=\"text-align: justify;\">\n    Pour les d\u00e9tails et explications, voir notre page <a href=\"https:\/\/itcaraibe.org\/conditions-dadmission\/\" target=\"_self\"><u>Conditions d\u2019admission<\/u>.<\/a>\n<\/p>\t\t\t\t<\/div>\n\t\t\t\t<\/div>\n\t\t\t\t<div class=\"elementor-element elementor-element-7453942 elementor-widget elementor-widget-heading\" data-id=\"7453942\" data-element_type=\"widget\" data-e-type=\"widget\" data-widget_type=\"heading.default\">\n\t\t\t\t<div class=\"elementor-widget-container\">\n\t\t\t\t\t<h2 class=\"elementor-heading-title elementor-size-default\">O\u00f9 se trouve l'Institut Th\u00e9ologique de la Cara\u00efbe et comment peut-on y acc\u00e9der ?<\/h2>\t\t\t\t<\/div>\n\t\t\t\t<\/div>\n\t\t\t\t<div class=\"elementor-element elementor-element-7f172c6 elementor-widget elementor-widget-html\" data-id=\"7f172c6\" data-element_type=\"widget\" data-e-type=\"widget\" data-widget_type=\"html.default\">\n\t\t\t\t<div class=\"elementor-widget-container\">\n\t\t\t\t\t<p style=\"text-align: justify;\">\n    L\u2019Institut Th\u00e9ologique de la Cara\u00efbe est situ\u00e9 sur le site de la Miellerie Saint-Ange,\nelle-m\u00eame implant\u00e9e sur la route des Trois-\u00celets, en direction de Rivi\u00e8re-Sal\u00e9e.<br><br>\n\n<div style=\"margin-left: 20px; font-size: 20px; color: black;\">\ud83d\udccd Adresse :<br>\nITC \u2013 c\/o Miellerie Saint-Ange<br>\nFour \u00e0 Chaux<br>\n97215 Rivi\u00e8re-Sal\u00e9e, Martinique\n<\/div>\n<\/p>\t\t\t\t<\/div>\n\t\t\t\t<\/div>\n\t\t\t\t\t<\/div>\n\t\t\t\t<\/div>\n\t\t\t\t<\/div>\n\t\t","protected":false},"excerpt":{"rendered":"<p>Quel est le but de l&#8217;Institut Th\u00e9ologique de la Cara\u00efbe ? Le but de l&#8217;Institut Th\u00e9ologique de la Cara\u00efbe est de donner une solide formation en Bible et th\u00e9ologie \u00e0 des hommes et des femmes de Dieu qui feront la diff\u00e9rence avec un impact positif dans la Cara\u00efbe et au-del\u00e0. [2 Timoth\u00e9e 2:1-2 (LSG) : [&hellip;]<\/p>\n","protected":false},"author":1,"featured_media":0,"parent":0,"menu_order":0,"comment_status":"closed","ping_status":"closed","template":"inside.php","meta":{"footnotes":""},"class_list":["post-25","page","type-page","status-publish","hentry"],"_links":{"self":[{"href":"https:\/\/itcaraibe.org\/en\/wp-json\/wp\/v2\/pages\/25","targetHints":{"allow":["GET"]}}],"collection":[{"href":"https:\/\/itcaraibe.org\/en\/wp-json\/wp\/v2\/pages"}],"about":[{"href":"https:\/\/itcaraibe.org\/en\/wp-json\/wp\/v2\/types\/page"}],"author":[{"embeddable":true,"href":"https:\/\/itcaraibe.org\/en\/wp-json\/wp\/v2\/users\/1"}],"replies":[{"embeddable":true,"href":"https:\/\/itcaraibe.org\/en\/wp-json\/wp\/v2\/comments?post=25"}],"version-history":[{"count":75,"href":"https:\/\/itcaraibe.org\/en\/wp-json\/wp\/v2\/pages\/25\/revisions"}],"predecessor-version":[{"id":2480,"href":"https:\/\/itcaraibe.org\/en\/wp-json\/wp\/v2\/pages\/25\/revisions\/2480"}],"wp:attachment":[{"href":"https:\/\/itcaraibe.org\/en\/wp-json\/wp\/v2\/media?parent=25"}],"curies":[{"name":"wp","href":"https:\/\/api.w.org\/{rel}","templated":true}]}}